{"id":2041,"date":"2021-02-15T21:47:17","date_gmt":"2021-02-15T21:47:17","guid":{"rendered":"http:\/\/ignacianskaspiritualita.sk\/?page_id=2041"},"modified":"2021-02-15T22:06:20","modified_gmt":"2021-02-15T22:06:20","slug":"najnovsie-clanky","status":"publish","type":"page","link":"http:\/\/ignacianskaspiritualita.sk\/index.php\/najnovsie-clanky\/","title":{"rendered":"Najnov\u0161ie \u010dl\u00e1nky"},"content":{"rendered":"<ul class=\"wp-block-latest-posts__list wp-block-latest-posts\"><li><div class=\"wp-block-latest-posts__featured-image alignleft\"><a href=\"http:\/\/ignacianskaspiritualita.sk\/index.php\/2021\/08\/duchovne-cvicenia-v-nasom-zivote-2\/\"><img width=\"150\" height=\"150\" src=\"http:\/\/ignacianskaspiritualita.sk\/wp-content\/uploads\/IHS-2-150x150.jpg\" class=\"attachment-thumbnail size-thumbnail wp-post-image\" alt=\"\" loading=\"lazy\" style=\"max-width:100px;max-height:100px;\" \/><\/a><\/div><a href=\"http:\/\/ignacianskaspiritualita.sk\/index.php\/2021\/08\/duchovne-cvicenia-v-nasom-zivote-2\/\">Duchovn\u00e9 cvi\u010denia v na\u0161om \u017eivote 2<\/a><div class=\"wp-block-latest-posts__post-excerpt\">Program duchovn\u00fdch cvi\u010den\u00ed Program ka\u017ed\u00e9ho d\u0148a m\u00f4\u017ee tvori\u0165 aspo\u0148 polhodinov\u00e1 modlitba Bo\u017e\u00edm slovom, sv\u00e4t\u00e1 om\u0161a, kr\u00e1tka ador\u00e1cia v&nbsp;tichu, (ke\u010f nem\u00e1me mo\u017enos\u0165 pred sv\u00e4tost\u00e1nkom, tak doma pred kr\u00ed\u017eom \u010di obrazom Je\u017ei\u0161ovho&hellip;&nbsp;<a href=\"http:\/\/ignacianskaspiritualita.sk\/index.php\/2021\/08\/duchovne-cvicenia-v-nasom-zivote-2\/\" rel=\"bookmark\">\u010c\u00edta\u0165 viac &raquo;<span class=\"screen-reader-text\">Duchovn\u00e9 cvi\u010denia v na\u0161om \u017eivote 2<\/span><\/a><\/div><\/li>\n<li><div class=\"wp-block-latest-posts__featured-image alignleft\"><a href=\"http:\/\/ignacianskaspiritualita.sk\/index.php\/2021\/04\/duchovne-cvicenia-v-nasom-zivote-1\/\"><img width=\"150\" height=\"150\" src=\"http:\/\/ignacianskaspiritualita.sk\/wp-content\/uploads\/kriz-modlitba-150x150.jpg\" class=\"attachment-thumbnail size-thumbnail wp-post-image\" alt=\"\" loading=\"lazy\" style=\"max-width:100px;max-height:100px;\" \/><\/a><\/div><a href=\"http:\/\/ignacianskaspiritualita.sk\/index.php\/2021\/04\/duchovne-cvicenia-v-nasom-zivote-1\/\">Duchovn\u00e9 cvi\u010denia v na\u0161om \u017eivote 1<\/a><div class=\"wp-block-latest-posts__post-excerpt\">P\u00e1pe\u017e Franti\u0161ek tvrd\u00ed, \u017ee rok 2021 je \u010das, ktor\u00fd nesmieme strati\u0165. M\u00e1me ho m\u00fadro pre\u017ei\u0165. Ka\u017ed\u00fd \u010das, aj \u010das pand\u00e9mie, m\u00f4\u017ee by\u0165 pre n\u00e1s darom, pr\u00edle\u017eitos\u0165ou a \u0161ancou \u013eudsky aj&hellip;&nbsp;<a href=\"http:\/\/ignacianskaspiritualita.sk\/index.php\/2021\/04\/duchovne-cvicenia-v-nasom-zivote-1\/\" rel=\"bookmark\">\u010c\u00edta\u0165 viac &raquo;<span class=\"screen-reader-text\">Duchovn\u00e9 cvi\u010denia v na\u0161om \u017eivote 1<\/span><\/a><\/div><\/li>\n<li><div class=\"wp-block-latest-posts__featured-image alignleft\"><a href=\"http:\/\/ignacianskaspiritualita.sk\/index.php\/2021\/03\/kracat-s-jezisom-k-chudobnym-a-marginalizovanym\/\"><img width=\"150\" height=\"150\" src=\"http:\/\/ignacianskaspiritualita.sk\/wp-content\/uploads\/starostlivost-o-marginalizovanych-150x150.jpg\" class=\"attachment-thumbnail size-thumbnail wp-post-image\" alt=\"\" loading=\"lazy\" style=\"max-width:100px;max-height:100px;\" \/><\/a><\/div><a href=\"http:\/\/ignacianskaspiritualita.sk\/index.php\/2021\/03\/kracat-s-jezisom-k-chudobnym-a-marginalizovanym\/\">Kr\u00e1\u010da\u0165 s Je\u017ei\u0161om k chudobn\u00fdm a marginalizovan\u00fdm<\/a><div class=\"wp-block-latest-posts__post-excerpt\">Najv\u00fdznamnej\u0161iu&nbsp; sk\u00fasenos\u0165 pre zalo\u017eenie Spolo\u010dnosti Je\u017ei\u0161ovej mal sv\u00e4t\u00fd Ign\u00e1c v&nbsp;malej kaplnke La Storta na svojej ceste do R\u00edma. V&nbsp;tejto mystickej milosti jasne videl, \u201e\u017ee Otec ho pridru\u017eil ku Kristovi, svojmu&hellip;&nbsp;<a href=\"http:\/\/ignacianskaspiritualita.sk\/index.php\/2021\/03\/kracat-s-jezisom-k-chudobnym-a-marginalizovanym\/\" rel=\"bookmark\">\u010c\u00edta\u0165 viac &raquo;<span class=\"screen-reader-text\">Kr\u00e1\u010da\u0165 s Je\u017ei\u0161om k chudobn\u00fdm a marginalizovan\u00fdm<\/span><\/a><\/div><\/li>\n<li><div class=\"wp-block-latest-posts__featured-image alignleft\"><a href=\"http:\/\/ignacianskaspiritualita.sk\/index.php\/2021\/02\/bohu-patri-zem-a-vsetko-co-je-na-nej\/\"><img width=\"150\" height=\"150\" src=\"http:\/\/ignacianskaspiritualita.sk\/wp-content\/uploads\/Rohace-150x150.jpg\" class=\"attachment-thumbnail size-thumbnail wp-post-image\" alt=\"\" loading=\"lazy\" style=\"max-width:100px;max-height:100px;\" \/><\/a><\/div><a href=\"http:\/\/ignacianskaspiritualita.sk\/index.php\/2021\/02\/bohu-patri-zem-a-vsetko-co-je-na-nej\/\">Bohu patr\u00ed zem a v\u0161etko, \u010do je na nej<\/a><div class=\"wp-block-latest-posts__post-excerpt\">&#8222;P\u00e1nova je zem i v\u0161etko, \u010do ju nap\u013a\u0148a, okruh zeme aj t\u00ed, \u010do b\u00fdvaj\u00fa na \u0148om. Ve\u010f on s\u00e1m polo\u017eil jeho z\u00e1klady na moriach a upevnil ho na vod\u00e1ch.&#8220; (\u017d&hellip;&nbsp;<a href=\"http:\/\/ignacianskaspiritualita.sk\/index.php\/2021\/02\/bohu-patri-zem-a-vsetko-co-je-na-nej\/\" rel=\"bookmark\">\u010c\u00edta\u0165 viac &raquo;<span class=\"screen-reader-text\">Bohu patr\u00ed zem a v\u0161etko, \u010do je na nej<\/span><\/a><\/div><\/li>\n<li><a href=\"http:\/\/ignacianskaspiritualita.sk\/index.php\/2021\/02\/idem-do-toho\/\">Idem do toho&#8230;<\/a><div class=\"wp-block-latest-posts__post-excerpt\">Pozrite si video, z&nbsp;ktor\u00e9ho sme prelo\u017eili nasleduj\u00faci rozhovor.<\/div><\/li>\n<li><div class=\"wp-block-latest-posts__featured-image alignleft\"><a href=\"http:\/\/ignacianskaspiritualita.sk\/index.php\/2021\/02\/kracat\/\"><img width=\"150\" height=\"150\" src=\"http:\/\/ignacianskaspiritualita.sk\/wp-content\/uploads\/kracat-ku-Kristovi-150x150.jpg\" class=\"attachment-thumbnail size-thumbnail wp-post-image\" alt=\"\" loading=\"lazy\" style=\"max-width:100px;max-height:100px;\" \/><\/a><\/div><a href=\"http:\/\/ignacianskaspiritualita.sk\/index.php\/2021\/02\/kracat\/\">Kr\u00e1\u010da\u0165&#8230;<\/a><div class=\"wp-block-latest-posts__post-excerpt\">Putovanie je pre ak\u00fako\u013evek osobu, ktor\u00e1 ho podnikne, nech s\u00fa ak\u00e9ko\u013evek po\u010diato\u010dn\u00e9 \u00famysly, pr\u00edle\u017eitos\u0165ou na osobn\u00fa premenu. S\u00fa mnoh\u00ed, ktor\u00ed to na konci cesty vyjadruj\u00fa, hovoriac, \u017ee sa dali na&hellip;&nbsp;<a href=\"http:\/\/ignacianskaspiritualita.sk\/index.php\/2021\/02\/kracat\/\" rel=\"bookmark\">\u010c\u00edta\u0165 viac &raquo;<span class=\"screen-reader-text\">Kr\u00e1\u010da\u0165&#8230;<\/span><\/a><\/div><\/li>\n<li><a href=\"http:\/\/ignacianskaspiritualita.sk\/index.php\/2021\/01\/sme-strazcami-vsetkeho-stvorenia\/\">Sme str\u00e1\u017ecami v\u0161etk\u00e9ho stvorenia<\/a><div class=\"wp-block-latest-posts__post-excerpt\">&#8222;Zveleben\u00fd bu\u010f, Bo\u017ee na\u0161ich otcov, a nech je zveleben\u00e9 tvoje meno po v\u0161etky veky vekov! Nech ti dobrore\u010dia nebesia i v\u0161etko tvoje stvorenie po v\u0161etky veky!&#8220; Tobi\u00e1\u0161 8, 5 Encyklika&hellip;&nbsp;<a href=\"http:\/\/ignacianskaspiritualita.sk\/index.php\/2021\/01\/sme-strazcami-vsetkeho-stvorenia\/\" rel=\"bookmark\">\u010c\u00edta\u0165 viac &raquo;<span class=\"screen-reader-text\">Sme str\u00e1\u017ecami v\u0161etk\u00e9ho stvorenia<\/span><\/a><\/div><\/li>\n<li><a href=\"http:\/\/ignacianskaspiritualita.sk\/index.php\/2021\/01\/stvoritel-vynikajuci-fyzik-a-matematik\/\">Stvorite\u013e &#8211; vynikaj\u00faci fyzik a matematik<\/a><div class=\"wp-block-latest-posts__post-excerpt\">Jednou z&nbsp;hlavn\u00fdch apo\u0161tolsk\u00fdch preferenci\u00ed je aj staros\u0165 o&nbsp;n\u00e1\u0161 spolo\u010dn\u00fd domov. In\u0161pirova\u0165 n\u00e1s m\u00f4\u017eu aj nasleduj\u00face my\u0161lienky z&nbsp;knihy P\u00e1tra Jozefa \u0160uppu Pros\u00edm za svoju zem. P\u00e1pe\u017e Franti\u0161ek nap\u00edsal encykliku Laudato si&hellip;&nbsp;<a href=\"http:\/\/ignacianskaspiritualita.sk\/index.php\/2021\/01\/stvoritel-vynikajuci-fyzik-a-matematik\/\" rel=\"bookmark\">\u010c\u00edta\u0165 viac &raquo;<span class=\"screen-reader-text\">Stvorite\u013e &#8211; vynikaj\u00faci fyzik a matematik<\/span><\/a><\/div><\/li>\n<li><a href=\"http:\/\/ignacianskaspiritualita.sk\/index.php\/2021\/01\/rozhodnut-sa-pre-boha\/\">Rozhodn\u00fa\u0165 sa pre Boha<\/a><div class=\"wp-block-latest-posts__post-excerpt\">Rozhodn\u00fa\u0165 sa pre Boha V \u017eivote ka\u017ed\u00e9ho \u010dloveka je pr\u00edtomn\u00fd sm\u00e4d po zmysle \u017eivota, ktor\u00fd je mo\u017en\u00e9 uhasi\u0165 mnoh\u00fdmi sp\u00f4sobmi. Boh pri\u0165ahuje \u013eud\u00ed a&nbsp;st\u00e1va sa pr\u00edtomn\u00fdm v&nbsp;ich \u017eivote prostredn\u00edctvom os\u00f4b,&hellip;&nbsp;<a href=\"http:\/\/ignacianskaspiritualita.sk\/index.php\/2021\/01\/rozhodnut-sa-pre-boha\/\" rel=\"bookmark\">\u010c\u00edta\u0165 viac &raquo;<span class=\"screen-reader-text\">Rozhodn\u00fa\u0165 sa pre Boha<\/span><\/a><\/div><\/li>\n<li><div class=\"wp-block-latest-posts__featured-image alignleft\"><a href=\"http:\/\/ignacianskaspiritualita.sk\/index.php\/2021\/01\/dimenzie-obratenia\/\"><img width=\"150\" height=\"150\" src=\"http:\/\/ignacianskaspiritualita.sk\/wp-content\/uploads\/100_1290-1-150x150.jpg\" class=\"attachment-thumbnail size-thumbnail wp-post-image\" alt=\"\" loading=\"lazy\" style=\"max-width:100px;max-height:100px;\" \/><\/a><\/div><a href=\"http:\/\/ignacianskaspiritualita.sk\/index.php\/2021\/01\/dimenzie-obratenia\/\">Dimenzie obr\u00e1tenia<\/a><div class=\"wp-block-latest-posts__post-excerpt\">Obr\u00e1tenie &#8211; milos\u0165, zmena, sloboda a&nbsp;misia Ide o&nbsp;k\u013e\u00fa\u010dov\u00e9 slov\u00e1 na mnoh\u00fdch cest\u00e1ch obr\u00e1tenia. \u010ci sme sa narodili v&nbsp;kres\u0165anskej rodine alebo sme sa stali kres\u0165anmi neskor\u0161ie, obr\u00e1tenie je z\u00e1kladn\u00e1 sk\u00fasenos\u0165 pre&hellip;&nbsp;<a href=\"http:\/\/ignacianskaspiritualita.sk\/index.php\/2021\/01\/dimenzie-obratenia\/\" rel=\"bookmark\">\u010c\u00edta\u0165 viac &raquo;<span class=\"screen-reader-text\">Dimenzie obr\u00e1tenia<\/span><\/a><\/div><\/li>\n<li><div class=\"wp-block-latest-posts__featured-image alignleft\"><a href=\"http:\/\/ignacianskaspiritualita.sk\/index.php\/2021\/01\/najsvatejsie-meno-jezis-dar-pre-spolocnost-jezisovu\/\"><img width=\"150\" height=\"150\" src=\"http:\/\/ignacianskaspiritualita.sk\/wp-content\/uploads\/ihs-meno-Jezis-150x150.jpg\" class=\"attachment-thumbnail size-thumbnail wp-post-image\" alt=\"\" loading=\"lazy\" style=\"max-width:100px;max-height:100px;\" srcset=\"http:\/\/ignacianskaspiritualita.sk\/wp-content\/uploads\/ihs-meno-Jezis-150x150.jpg 150w, http:\/\/ignacianskaspiritualita.sk\/wp-content\/uploads\/ihs-meno-Jezis-135x135.jpg 135w, http:\/\/ignacianskaspiritualita.sk\/wp-content\/uploads\/ihs-meno-Jezis-184x184.jpg 184w\" sizes=\"(max-width: 150px) 100vw, 150px\" \/><\/a><\/div><a href=\"http:\/\/ignacianskaspiritualita.sk\/index.php\/2021\/01\/najsvatejsie-meno-jezis-dar-pre-spolocnost-jezisovu\/\">Najsv\u00e4tej\u0161ie meno Je\u017ei\u0161 &#8211; dar pre Spolo\u010dnos\u0165 Je\u017ei\u0161ovu<\/a><div class=\"wp-block-latest-posts__post-excerpt\">Dnes si pripom\u00edname na\u0161e meno. Je to n\u00e1\u0161 titul\u00e1rny sviatok. Pripom\u00edname si, odkia\u013e poch\u00e1dzame alebo ak\u00fd je n\u00e1\u0161 p\u00f4vod a&nbsp;k&nbsp;\u010domu sme volan\u00ed. Poch\u00e1dzame od Je\u017ei\u0161a a&nbsp;sme pozvan\u00ed ho napodob\u0148ova\u0165. Ako&hellip;&nbsp;<a href=\"http:\/\/ignacianskaspiritualita.sk\/index.php\/2021\/01\/najsvatejsie-meno-jezis-dar-pre-spolocnost-jezisovu\/\" rel=\"bookmark\">\u010c\u00edta\u0165 viac &raquo;<span class=\"screen-reader-text\">Najsv\u00e4tej\u0161ie meno Je\u017ei\u0161 &#8211; dar pre Spolo\u010dnos\u0165 Je\u017ei\u0161ovu<\/span><\/a><\/div><\/li>\n<li><a href=\"http:\/\/ignacianskaspiritualita.sk\/index.php\/2017\/10\/list-sv-ignaca-sestre-terese-rejadell-benatky-18-jun-1536\/\">List sv. Ign\u00e1ca sr. Terese Rejadell (Ben\u00e1tky, 18.06.1536)<\/a><div class=\"wp-block-latest-posts__post-excerpt\">List sv. Ign\u00e1ca sestre Terese Rejadell (Ben\u00e1tky, 18. j\u00fan 1536) Sestra Teresa Rejadell bola benedikt\u00ednska mn\u00ed\u0161ka v\u00a0kl\u00e1\u0161tore sv. Kl\u00e1ry, v\u00a0Barcelone, ktor\u00fd bol zalo\u017een\u00fd u\u017e v\u00a012. storo\u010d\u00ed. Rejadellovci boli ve\u013emi d\u00f4le\u017eit\u00fdmi&hellip;&nbsp;<a href=\"http:\/\/ignacianskaspiritualita.sk\/index.php\/2017\/10\/list-sv-ignaca-sestre-terese-rejadell-benatky-18-jun-1536\/\" rel=\"bookmark\">\u010c\u00edta\u0165 viac &raquo;<span class=\"screen-reader-text\">List sv. Ign\u00e1ca sr. Terese Rejadell (Ben\u00e1tky, 18.06.1536)<\/span><\/a><\/div><\/li>\n<li><a href=\"http:\/\/ignacianskaspiritualita.sk\/index.php\/2017\/04\/spiritualita-spolocnosti-jezisovej-a-montmartre-3-v-postoji-rozlisovania\/\">Spiritualita SJ a Montmartre (3) \u2013 V postoji rozli\u0161ovania<\/a><div class=\"wp-block-latest-posts__post-excerpt\">\u010eal\u0161\u00edm spolo\u010dn\u00fdm aspektom, ktor\u00fd sme na\u0161li u\u00a0spolo\u010dn\u00edkov na Montmartre, prijat\u00e9ho tie\u017e od sv. Ign\u00e1ca ako \u010das\u0165 jeho duchovn\u00e9ho z\u00e1\u017eitku odovzdan\u00e9ho svojim u\u010den\u00edkom a\u00a0nasledovn\u00edkom, je otvorenos\u0165 vzh\u013eadom na bud\u00facnos\u0165, ktor\u00fa Bo\u017eia&hellip;&nbsp;<a href=\"http:\/\/ignacianskaspiritualita.sk\/index.php\/2017\/04\/spiritualita-spolocnosti-jezisovej-a-montmartre-3-v-postoji-rozlisovania\/\" rel=\"bookmark\">\u010c\u00edta\u0165 viac &raquo;<span class=\"screen-reader-text\">Spiritualita SJ a Montmartre (3) \u2013 V postoji rozli\u0161ovania<\/span><\/a><\/div><\/li>\n<li><a href=\"http:\/\/ignacianskaspiritualita.sk\/index.php\/2017\/04\/spiritualita-spolocnosti-jezisovej-a-montmartre-2-v-chudobe-a-pokore\/\">Spiritualita SJ a Montmartre (2) &#8211; V chudobe a pokore<\/a><div class=\"wp-block-latest-posts__post-excerpt\">Druhou \u010drtou spirituality na Montmartre, na ktorej sa dohodli v\u0161etci spolo\u010dn\u00edci, a\u00a0ktor\u00e1 sa udr\u017eala a\u00a0zostala definit\u00edvna, bola \u010drta ich \u017eivotn\u00e9ho \u0161t\u00fdlu. Vybran\u00fd \u0161t\u00fdl v\u00a0sebe zah\u0155\u0148al apo\u0161tolsk\u00fa slu\u017ebu v\u00a0chudobe a\u00a0pokore. Jeden&hellip;&nbsp;<a href=\"http:\/\/ignacianskaspiritualita.sk\/index.php\/2017\/04\/spiritualita-spolocnosti-jezisovej-a-montmartre-2-v-chudobe-a-pokore\/\" rel=\"bookmark\">\u010c\u00edta\u0165 viac &raquo;<span class=\"screen-reader-text\">Spiritualita SJ a Montmartre (2) &#8211; V chudobe a pokore<\/span><\/a><\/div><\/li>\n<li><a href=\"http:\/\/ignacianskaspiritualita.sk\/index.php\/2017\/03\/spiritualita-spolocnosti-jezisovej-a-montmartre-odusevnena-laska\/\">Spiritualita SJ a Montmartre &#8211; Odu\u0161evnen\u00e1 l\u00e1ska<\/a><div class=\"wp-block-latest-posts__post-excerpt\">P\u00e1ter Manuel Ruiz Jurado p\u00ed\u0161e, \u017ee Spolo\u010dnos\u0165 Je\u017ei\u0161ova sa zrodila v\u00a0R\u00edme. Tu sa uk\u00e1zala vo svetle so v\u0161etk\u00fdmi svojimi vlastn\u00fdmi charakteristikami. Zrod alebo pr\u00edprava v\u0161ak prebiehali dlh\u0161ie predt\u00fdm. Verejne vy\u0161la&hellip;&nbsp;<a href=\"http:\/\/ignacianskaspiritualita.sk\/index.php\/2017\/03\/spiritualita-spolocnosti-jezisovej-a-montmartre-odusevnena-laska\/\" rel=\"bookmark\">\u010c\u00edta\u0165 viac &raquo;<span class=\"screen-reader-text\">Spiritualita SJ a Montmartre &#8211; Odu\u0161evnen\u00e1 l\u00e1ska<\/span><\/a><\/div><\/li>\n<\/ul>","protected":false},"excerpt":{"rendered":"","protected":false},"author":1,"featured_media":0,"parent":0,"menu_order":0,"comment_status":"closed","ping_status":"closed","template":"","meta":{"neve_meta_sidebar":"full-width","neve_meta_container":"","neve_meta_enable_content_width":"on","neve_meta_content_width":100,"neve_meta_title_alignment":"","neve_meta_author_avatar":"","neve_post_elements_order":"","neve_meta_disable_header":"","neve_meta_disable_footer":"","neve_meta_disable_title":"","_ti_tpc_template_sync":false,"_ti_tpc_template_id":""},"_links":{"self":[{"href":"http:\/\/ignacianskaspiritualita.sk\/index.php\/wp-json\/wp\/v2\/pages\/2041"}],"collection":[{"href":"http:\/\/ignacianskaspiritualita.sk\/index.php\/wp-json\/wp\/v2\/pages"}],"about":[{"href":"http:\/\/ignacianskaspiritualita.sk\/index.php\/wp-json\/wp\/v2\/types\/page"}],"author":[{"embeddable":true,"href":"http:\/\/ignacianskaspiritualita.sk\/index.php\/wp-json\/wp\/v2\/users\/1"}],"replies":[{"embeddable":true,"href":"http:\/\/ignacianskaspiritualita.sk\/index.php\/wp-json\/wp\/v2\/comments?post=2041"}],"version-history":[{"count":4,"href":"http:\/\/ignacianskaspiritualita.sk\/index.php\/wp-json\/wp\/v2\/pages\/2041\/revisions"}],"predecessor-version":[{"id":2073,"href":"http:\/\/ignacianskaspiritualita.sk\/index.php\/wp-json\/wp\/v2\/pages\/2041\/revisions\/2073"}],"wp:attachment":[{"href":"http:\/\/ignacianskaspiritualita.sk\/index.php\/wp-json\/wp\/v2\/media?parent=2041"}],"curies":[{"name":"wp","href":"https:\/\/api.w.org\/{rel}","templated":true}]}}